{"id":4552,"date":"2021-09-28T14:42:32","date_gmt":"2021-09-28T11:42:32","guid":{"rendered":"https:\/\/villasipriina.fi\/villa-sipriina\/"},"modified":"2025-12-11T13:14:27","modified_gmt":"2025-12-11T11:14:27","slug":"etusivu","status":"publish","type":"page","link":"https:\/\/villasipriina.fi\/sv\/","title":{"rendered":"Villa Sipriina"},"content":{"rendered":"\r\n\r\n<section class=\"hero site-banner banner-bg-video section-image-only  alignfull video\">\r\n\r\n    <div class=\"site-banner-bg section-bg-image ob-position\" style=\"object-position: 50% %\" >\r\n\r\n                        <video autoplay muted playsinline loop id=\"header-video\">\r\n                    <source src=\"https:\/\/villasipriina.fi\/wp-content\/uploads\/2025\/04\/villa-sipriina-header-1.mp4\" type=\"video\/mp4\">\r\n                <\/video>\r\n        \r\n        \r\n        <\/section>\n\n\n<div class=\"wp-block-columns is-style-default has-white-background-color has-background is-layout-flex wp-container-core-columns-is-layout-9d6595d7 wp-block-columns-is-layout-flex\">\n<div class=\"wp-block-column is-layout-flow wp-block-column-is-layout-flow\">\n<h1 class=\"wp-block-heading has-text-align-center\">Hemlikt boende och dagverksamhet f\u00f6r personer med utvecklingsst\u00f6rning i Kyrksl\u00e4tt<\/h1>\n\n\n<div class=\"wp-block-image\">\n<figure class=\"aligncenter size-full\"><img decoding=\"async\" width=\"500\" height=\"88\" src=\"https:\/\/villasipriina.fi\/wp-content\/uploads\/2025\/04\/line2.png\" alt=\"\" class=\"wp-image-4203\" srcset=\"https:\/\/villasipriina.fi\/wp-content\/uploads\/2025\/04\/line2.png 500w, https:\/\/villasipriina.fi\/wp-content\/uploads\/2025\/04\/line2-300x53.png 300w\" sizes=\"(max-width: 500px) 100vw, 500px\" \/><\/figure>\n<\/div>\n\n\n<h2 class=\"wp-block-heading\"><strong>Privata grupphemmen Villa Sipriina och Villa Pipariina<\/strong><\/h2>\n\n\n\n<p>Villa Sipriina och Villa Pipariina \u00e4r privata grupphem i Kyrksl\u00e4tt som erbjuder boendeservice med heldygnsomsorg och dagverksamhet f\u00f6r vuxna utvecklingsh\u00e4mmade.<\/p>\n\n\n\n<p><br>Hos oss f\u00e5r varje boende individuell handledning och helhetsinriktad omsorg i en trygg och hemlik milj\u00f6. Vi erbjuder en lugn milj\u00f6, trivsamma lokaler och m\u00e5ngsidiga fritidsm\u00f6jligheter i Kyrksl\u00e4tt.<\/p>\n\n\n\n<p><br>V\u00e5rt m\u00e5l \u00e4r att bibeh\u00e5lla och st\u00e4rka v\u00e5ra boendes funktionsf\u00f6rm\u00e5ga, st\u00f6dja deras sj\u00e4lvst\u00e4ndighet i vardagen och hj\u00e4lpa dem att anpassa sig till samh\u00e4llet. V\u00e5r m\u00e5linriktade verksamhet baserar sig alltid p\u00e5 en individuell service- och rehabiliteringsplan, som utarbetas tillsammans med den boende, personalen och anh\u00f6riga.<\/p>\n\n\n\n<div class=\"wp-block-buttons is-content-justification-center is-layout-flex wp-container-core-buttons-is-layout-16018d1d wp-block-buttons-is-layout-flex\">\n<div class=\"wp-block-button\"><a class=\"wp-block-button__link wp-element-button\" href=\"https:\/\/villasipriina.fi\/sv\/bostadsservice\/\">L\u00e4s mer om v\u00e5ra grupphem och bostadsservice<\/a><\/div>\n\n\n\n<div class=\"wp-block-button\"><a class=\"wp-block-button__link wp-element-button\" href=\"https:\/\/villasipriina.fi\/sv\/dagverksamhet\/\">Mer information om v\u00e5ra boendes dagverksamhet<\/a><\/div>\n<\/div>\n<\/div>\n<\/div>\n\n\n\n<div class=\"wp-block-columns is-style-narrow is-layout-flex wp-container-core-columns-is-layout-9d6595d7 wp-block-columns-is-layout-flex\">\n<div class=\"wp-block-column has-background is-layout-flow wp-block-column-is-layout-flow\" style=\"background-color:#597d252e\">\n<h2 class=\"wp-block-heading has-text-align-center\"><strong>Lediga boendeplatser<\/strong><\/h2>\n\n\n\n<p class=\"has-text-align-center\">Villa Sipriina: 3 platser<\/p>\n\n\n\n<p class=\"has-text-align-center\">Villa Pipariina: 6 platser<\/p>\n\n\n<div class=\"wp-block-image\">\n<figure class=\"aligncenter size-full is-resized\"><img decoding=\"async\" width=\"500\" height=\"88\" src=\"https:\/\/villasipriina.fi\/wp-content\/uploads\/2025\/04\/line2.png\" alt=\"\" class=\"wp-image-4203\" style=\"width:274px;height:auto\" srcset=\"https:\/\/villasipriina.fi\/wp-content\/uploads\/2025\/04\/line2.png 500w, https:\/\/villasipriina.fi\/wp-content\/uploads\/2025\/04\/line2-300x53.png 300w\" sizes=\"(max-width: 500px) 100vw, 500px\" \/><\/figure>\n<\/div>\n\n\n<div class=\"wp-block-buttons is-content-justification-center is-layout-flex wp-container-core-buttons-is-layout-16018d1d wp-block-buttons-is-layout-flex\">\n<div class=\"wp-block-button\"><a class=\"wp-block-button__link has-text-align-center wp-element-button\" href=\"#yhteystiedot\">Kontakta oss f\u00f6r lediga platser<\/a><\/div>\n<\/div>\n<\/div>\n<\/div>\n\n\n\n<h2 class=\"wp-block-heading has-text-align-center\">V\u00e4rderingar i v\u00e5ra grupphem<\/h2>\n\n\n<div class=\"image-and-text wp-block has-media-on-the-right\">\r\n<div class=\"row\">\r\n    <div class=\"col-12 col-md-6 image-col\">\r\n\r\n        <img decoding=\"async\" width=\"800\" height=\"600\" src=\"https:\/\/villasipriina.fi\/wp-content\/uploads\/2025\/04\/maxin-huone-1024x768.webp\" class=\"attachment-large size-large\" alt=\"Asumispalvelut.\" srcset=\"https:\/\/villasipriina.fi\/wp-content\/uploads\/2025\/04\/maxin-huone-1024x768.webp 1024w, https:\/\/villasipriina.fi\/wp-content\/uploads\/2025\/04\/maxin-huone-300x225.webp 300w, https:\/\/villasipriina.fi\/wp-content\/uploads\/2025\/04\/maxin-huone-768x576.webp 768w, https:\/\/villasipriina.fi\/wp-content\/uploads\/2025\/04\/maxin-huone-1536x1152.webp 1536w, https:\/\/villasipriina.fi\/wp-content\/uploads\/2025\/04\/maxin-huone.webp 1600w\" sizes=\"(max-width: 800px) 100vw, 800px\" \/>    <\/div>\r\n\r\n    <div class=\"col-12 col-md-6 text-col\"><div class=\"acf-innerblocks-container\">\n\n<h3 class=\"wp-block-heading\">Egen hem<\/h3>\n\n\n\n<p>Villa Sipriina och Villa Pipariina \u00e4r v\u00e5ra boendes hem. Respekt f\u00f6r sj\u00e4lvbest\u00e4mmander\u00e4tt och individualitet \u00e4r viktiga v\u00e4rden f\u00f6r oss.<\/p>\n\n\n\n<p>Vi satsar p\u00e5 v\u00e5ra boendes delaktighet i samh\u00e4llet och evenemang samt st\u00f6djer familjeband. Hos oss \u00e4r de boende genuint involverade i beslutsfattande och har m\u00f6jlighet att p\u00e5verka sina egna liv. Den boende st\u00e5r i centrum och blir lyssnad p\u00e5.<\/p>\n\n<\/div>\r\n<\/div>\r\n<\/div>\r\n<\/div>\n\n<div class=\"image-and-text wp-block has-media-on-the-right\">\r\n<div class=\"row\">\r\n    <div class=\"col-12 col-md-6 image-col\">\r\n\r\n        <img decoding=\"async\" width=\"800\" height=\"507\" src=\"https:\/\/villasipriina.fi\/wp-content\/uploads\/2025\/04\/wahls-gard-1024x649.webp\" class=\"attachment-large size-large\" alt=\"Villa Sipriina.\" srcset=\"https:\/\/villasipriina.fi\/wp-content\/uploads\/2025\/04\/wahls-gard-1024x649.webp 1024w, https:\/\/villasipriina.fi\/wp-content\/uploads\/2025\/04\/wahls-gard-300x190.webp 300w, https:\/\/villasipriina.fi\/wp-content\/uploads\/2025\/04\/wahls-gard-768x487.webp 768w, https:\/\/villasipriina.fi\/wp-content\/uploads\/2025\/04\/wahls-gard.webp 1519w\" sizes=\"(max-width: 800px) 100vw, 800px\" \/>    <\/div>\r\n\r\n    <div class=\"col-12 col-md-6 text-col\"><div class=\"acf-innerblocks-container\">\n\n<h3 class=\"wp-block-heading\">Sinnesv\u00e4nligt boende&nbsp;<\/h3>\n\n\n\n<p>V\u00e5rt v\u00e5rdboende finns i nya timmerhus som f\u00e4rdigst\u00e4lldes \u00e5r 2020 och \u00e5r 2025, och som har planerats f\u00f6r v\u00e5r verksamhet. I den hemlika och tillg\u00e4ngliga boendemilj\u00f6n m\u00f6blerar de boende sj\u00e4lva sina rum, och gemensamhetsutrymmena \u00e4r trivsamma.<\/p>\n\n\n\n<p>Villa Sipriina ligger 5 km fr\u00e5n Kyrksl\u00e4tts centrum och har tillg\u00e5ng till egen g\u00e5rd och den n\u00e4rliggande naturen. Till havsstranden \u00e4r det bara 500 meter. Villa Pipariina ligger i sin tur n\u00e4ra h\u00e4rliga friluftsomr\u00e5den, bara 2 km fr\u00e5n Kyrksl\u00e4tts centrum.<\/p>\n\n<\/div>\r\n<\/div>\r\n<\/div>\r\n<\/div>\n\n<div class=\"image-and-text wp-block has-media-on-the-right\">\r\n<div class=\"row\">\r\n    <div class=\"col-12 col-md-6 image-col\">\r\n\r\n        <img decoding=\"async\" width=\"800\" height=\"715\" src=\"https:\/\/villasipriina.fi\/wp-content\/uploads\/2025\/04\/henkilokunta-1024x795-1-e1747642667853.webp\" class=\"attachment-large size-large\" alt=\"Henkil\u00f6kunta.\" srcset=\"https:\/\/villasipriina.fi\/wp-content\/uploads\/2025\/04\/henkilokunta-1024x795-1-e1747642667853.webp 890w, https:\/\/villasipriina.fi\/wp-content\/uploads\/2025\/04\/henkilokunta-1024x795-1-e1747642667853-300x268.webp 300w, https:\/\/villasipriina.fi\/wp-content\/uploads\/2025\/04\/henkilokunta-1024x795-1-e1747642667853-768x686.webp 768w\" sizes=\"(max-width: 800px) 100vw, 800px\" \/>    <\/div>\r\n\r\n    <div class=\"col-12 col-md-6 text-col\"><div class=\"acf-innerblocks-container\">\n\n<h3 class=\"wp-block-heading\">Kompetent personal, trivsam arbetsmilj\u00f6&nbsp;<\/h3>\n\n\n\n<p>Personalen p\u00e5 Villa Sipriina och p\u00e4 Villa Pipariina tar hand om v\u00e5ra boendes v\u00e4lm\u00e5ende och trygghet dygnet runt. Varje boende har en egen namngiven v\u00e5rdare som samarbetar med den boende, anh\u00f6riga och andra samarbetsparter.<\/p>\n\n\n\n<p>V\u00e5r personal best\u00e5r av social- och h\u00e4lsov\u00e5rdsexperter: bland annat sjuksk\u00f6tare, n\u00e4rv\u00e5rdare och v\u00e5rdare med specialkompetens inom omsorg f\u00f6r personer med utvecklingsst\u00f6rning. Vi utvecklar kontinuerligt v\u00e5r verksamhet och tar ocks\u00e5 v\u00e4l hand om personalen och arbetsmilj\u00f6ns trivsel.&nbsp;<\/p>\n\n\n\n<div class=\"wp-block-buttons is-layout-flex wp-block-buttons-is-layout-flex\">\n<div class=\"wp-block-button\"><a class=\"wp-block-button__link wp-element-button\" href=\"https:\/\/villasipriina.fi\/sv\/personal\/\">Personal<\/a><\/div>\n<\/div>\n\n<\/div>\r\n<\/div>\r\n<\/div>\r\n<\/div>\n\n<div class=\"image-and-text wp-block has-media-on-the-right\">\r\n<div class=\"row\">\r\n    <div class=\"col-12 col-md-6 image-col\">\r\n\r\n        <img decoding=\"async\" width=\"768\" height=\"1024\" src=\"https:\/\/villasipriina.fi\/wp-content\/uploads\/2025\/04\/20240520-132542-scaled-1-768x1024.jpg\" class=\"attachment-large size-large\" alt=\"Galleria Villa Sipriina.\" srcset=\"https:\/\/villasipriina.fi\/wp-content\/uploads\/2025\/04\/20240520-132542-scaled-1-768x1024.jpg 768w, https:\/\/villasipriina.fi\/wp-content\/uploads\/2025\/04\/20240520-132542-scaled-1-225x300.jpg 225w, https:\/\/villasipriina.fi\/wp-content\/uploads\/2025\/04\/20240520-132542-scaled-1-1152x1536.jpg 1152w, https:\/\/villasipriina.fi\/wp-content\/uploads\/2025\/04\/20240520-132542-scaled-1-1536x2048.jpg 1536w, https:\/\/villasipriina.fi\/wp-content\/uploads\/2025\/04\/20240520-132542-scaled-1.jpg 1920w\" sizes=\"(max-width: 768px) 100vw, 768px\" \/>    <\/div>\r\n\r\n    <div class=\"col-12 col-md-6 text-col\"><div class=\"acf-innerblocks-container\">\n\n<h3 class=\"wp-block-heading\">Boendecentrerad verksamhet&nbsp;&nbsp;&nbsp;<\/h3>\n\n\n\n<p>V\u00e5r verksamhet styrs av de boendes \u00f6nskem\u00e5l och intressen. <\/p>\n\n\n\n<p>Vi beaktar \u00e5rstidsv\u00e4xlingar och kalender\u00e5rets h\u00e4ndelser b\u00e5de i grupphemmen och i dagverksamheten. Vi r\u00f6r oss mycket i n\u00e4romr\u00e5det, g\u00f6r utflykter och reser. V\u00e5r dagverksamhet m\u00f6jligg\u00f6r \u00e4ven utnyttjande av tj\u00e4nster i centrum samt Kyrksl\u00e4tts idrotts- och kulturutbud.<\/p>\n\n\n\n<div class=\"wp-block-buttons is-layout-flex wp-block-buttons-is-layout-flex\">\n<div class=\"wp-block-button\"><a class=\"wp-block-button__link wp-element-button\" href=\"https:\/\/villasipriina.fi\/sv\/dagverksamhet\/\">Dagverksamhet<\/a><\/div>\n<\/div>\n\n<\/div>\r\n<\/div>\r\n<\/div>\r\n<\/div>\n\n\n<div class=\"wp-block-columns has-white-background-color has-background is-layout-flex wp-container-core-columns-is-layout-9d6595d7 wp-block-columns-is-layout-flex\">\n<div class=\"wp-block-column is-layout-flow wp-block-column-is-layout-flow\"><\/div>\n\n\n\n<div class=\"wp-block-column is-layout-flow wp-block-column-is-layout-flow\">\n<h3 class=\"wp-block-heading\">Du kan f\u00f6lja oss p\u00e5 Facebook<\/h3>\n\n\n\n<p><a href=\"https:\/\/www.facebook.com\/Villasipriina\/\">Villa Sipriinas Facebook-sidan<\/a><\/p>\n\n\n\n<h3 class=\"wp-block-heading\">Kontakta oss<\/h3>\n\n\n\n<p><a href=\"mailto:sipriina@villasipriina.fi\">sipriina@villasipriina.fi<\/a><br><a href=\"tel:+358503699997\">050 3699997<\/a><\/p>\n<\/div>\n<\/div>\n\n\n\n<div class=\"wp-block-cover alignfull\"><img decoding=\"async\" width=\"1024\" height=\"577\" class=\"wp-block-cover__image-background wp-image-4209 size-large\" alt=\"\" src=\"https:\/\/villasipriina.fi\/wp-content\/uploads\/2025\/04\/nostobg2-1024x577.jpg\" data-object-fit=\"cover\" srcset=\"https:\/\/villasipriina.fi\/wp-content\/uploads\/2025\/04\/nostobg2-1024x577.jpg 1024w, https:\/\/villasipriina.fi\/wp-content\/uploads\/2025\/04\/nostobg2-300x169.jpg 300w, https:\/\/villasipriina.fi\/wp-content\/uploads\/2025\/04\/nostobg2-768x433.jpg 768w, https:\/\/villasipriina.fi\/wp-content\/uploads\/2025\/04\/nostobg2.jpg 1440w\" sizes=\"(max-width: 1024px) 100vw, 1024px\" \/><span aria-hidden=\"true\" class=\"wp-block-cover__background has-black-background-color has-background-dim-20 has-background-dim\"><\/span><div class=\"wp-block-cover__inner-container is-layout-constrained wp-block-cover-is-layout-constrained\">\n<p class=\"has-text-align-center has-large-font-size\"><\/p>\n\n\n\n<div class=\"wp-block-group\"><div class=\"wp-block-group__inner-container is-layout-flow wp-block-group-is-layout-flow\">\n<div class=\"wp-block-group\"><div class=\"wp-block-group__inner-container is-layout-flow wp-block-group-is-layout-flow\">\n<div class=\"wp-block-columns nosto-kuva-ja-teksti is-layout-flex wp-container-core-columns-is-layout-9d6595d7 wp-block-columns-is-layout-flex\">\n<div class=\"wp-block-column is-layout-flow wp-block-column-is-layout-flow\">\n<h2 class=\"wp-block-heading\">Dagverksamhet<\/h2>\n\n\n\n<p>M\u00e5let med dagverksamheten \u00e4r att tr\u00e4na f\u00e4rdigheter f\u00f6r vardagen, st\u00f6dja sj\u00e4lvst\u00e4ndighet, \u00f6ka sociala kontakter och fr\u00e4mja delaktighet i det omgivande samh\u00e4llet.<\/p>\n<\/div>\n\n\n\n<div class=\"wp-block-column is-layout-flow wp-block-column-is-layout-flow\">\n<h2 class=\"wp-block-heading\">Grupphemsplats<\/h2>\n\n\n\n<p>Ut\u00f6ver grundl\u00e4ggande v\u00e5rd, omsorg och handledning tr\u00e4nar vi tillsammans med handledarna bland annat vardagliga hem- och \u00e4rendef\u00e4rdigheter, att tillaga goda m\u00e5ltider samt att sk\u00f6ta grundl\u00e4ggande hygien.<\/p>\n<\/div>\n\n\n\n<div class=\"wp-block-column is-layout-flow wp-block-column-is-layout-flow\">\n<h2 class=\"wp-block-heading\">Verksamhet<\/h2>\n\n\n\n<p class=\"nosto-kuva-ja-teksti\">I v\u00e5r verksamhet beaktar vi \u00e5rstidernas v\u00e4xlingar och \u00e5rets olika h\u00e4ndelser. Vi r\u00f6r oss mycket i n\u00e4romr\u00e5det, g\u00f6r utflykter och reser.<\/p>\n<\/div>\n<\/div>\n<\/div><\/div>\n<\/div><\/div>\n\n\n\n<div class=\"wp-block-buttons is-content-justification-center is-layout-flex wp-container-core-buttons-is-layout-16018d1d wp-block-buttons-is-layout-flex\">\n<div class=\"wp-block-button\"><a class=\"wp-block-button__link wp-element-button\" href=\"https:\/\/villasipriina.fi\/sv\/kontakta-oss-sipriina\/\" target=\"_blank\" rel=\"noreferrer noopener\"><strong>Villa Sipriina, Kantvik<\/strong><\/a><\/div>\n\n\n\n<div class=\"wp-block-button\"><a class=\"wp-block-button__link wp-element-button\" href=\"https:\/\/villasipriina.fi\/sv\/kontakta-oss-pipariina\/\" target=\"_blank\" rel=\"noreferrer noopener\"><strong>Villa Pipariina, Kyrksl\u00e4tt<\/strong><\/a><\/div>\n<\/div>\n<\/div><\/div>\n","protected":false},"excerpt":{"rendered":"<p>Hemlikt boende och dagverksamhet f\u00f6r personer med utvecklingsst\u00f6rning i Kyrksl\u00e4tt Privata grupphemmen Villa Sipriina och Villa Pipariina Villa Sipriina och Villa Pipariina \u00e4r privata grupphem i Kyrksl\u00e4tt som erbjuder boendeservice med heldygnsomsorg och dagverksamhet f\u00f6r vuxna utvecklingsh\u00e4mmade. Hos oss f\u00e5r varje boende individuell handledning och helhetsinriktad omsorg i en trygg och hemlik milj\u00f6. Vi erbjuder [&hellip;]<\/p>\n","protected":false},"author":1,"featured_media":0,"parent":0,"menu_order":1,"comment_status":"closed","ping_status":"closed","template":"","meta":{"_acf_changed":false,"footnotes":""},"class_list":["post-4552","page","type-page","status-publish","hentry"],"acf":[],"aioseo_notices":[],"_links":{"self":[{"href":"https:\/\/villasipriina.fi\/sv\/wp-json\/wp\/v2\/pages\/4552","targetHints":{"allow":["GET"]}}],"collection":[{"href":"https:\/\/villasipriina.fi\/sv\/wp-json\/wp\/v2\/pages"}],"about":[{"href":"https:\/\/villasipriina.fi\/sv\/wp-json\/wp\/v2\/types\/page"}],"author":[{"embeddable":true,"href":"https:\/\/villasipriina.fi\/sv\/wp-json\/wp\/v2\/users\/1"}],"replies":[{"embeddable":true,"href":"https:\/\/villasipriina.fi\/sv\/wp-json\/wp\/v2\/comments?post=4552"}],"version-history":[{"count":0,"href":"https:\/\/villasipriina.fi\/sv\/wp-json\/wp\/v2\/pages\/4552\/revisions"}],"wp:attachment":[{"href":"https:\/\/villasipriina.fi\/sv\/wp-json\/wp\/v2\/media?parent=4552"}],"curies":[{"name":"wp","href":"https:\/\/api.w.org\/{rel}","templated":true}]}}