{"id":4553,"date":"2025-04-24T12:38:37","date_gmt":"2025-04-24T09:38:37","guid":{"rendered":"https:\/\/villasipriina.fi\/bostadsservice\/"},"modified":"2025-11-05T09:37:42","modified_gmt":"2025-11-05T07:37:42","slug":"bostadsservice","status":"publish","type":"page","link":"https:\/\/villasipriina.fi\/sv\/bostadsservice\/","title":{"rendered":"Bostadsservice"},"content":{"rendered":"\r\n\r\n<section class=\"hero site-banner banner-bg-image section-image-only  alignfull image\">\r\n\r\n    <div class=\"site-banner-bg section-bg-image \" >\r\n\r\n        <img decoding=\"async\" width=\"1600\" height=\"730\" src=\"https:\/\/villasipriina.fi\/wp-content\/uploads\/2025\/04\/terassi-kokonaan-1.webp\" class=\"attachment-1536\u00d71536 size-1536\u00d71536\" alt=\"Asumispalvelut.\" srcset=\"https:\/\/villasipriina.fi\/wp-content\/uploads\/2025\/04\/terassi-kokonaan-1.webp 1600w, https:\/\/villasipriina.fi\/wp-content\/uploads\/2025\/04\/terassi-kokonaan-1-300x137.webp 300w, https:\/\/villasipriina.fi\/wp-content\/uploads\/2025\/04\/terassi-kokonaan-1-1024x467.webp 1024w, https:\/\/villasipriina.fi\/wp-content\/uploads\/2025\/04\/terassi-kokonaan-1-768x350.webp 768w, https:\/\/villasipriina.fi\/wp-content\/uploads\/2025\/04\/terassi-kokonaan-1-1536x701.webp 1536w\" sizes=\"(max-width: 1600px) 100vw, 1600px\" \/>\r\n        \r\n        <\/section>\n\n\n<div class=\"wp-block-columns is-style-default has-white-background-color has-background is-layout-flex wp-container-core-columns-is-layout-9d6595d7 wp-block-columns-is-layout-flex\">\n<div class=\"wp-block-column is-layout-flow wp-block-column-is-layout-flow\">\n<h1 class=\"wp-block-heading has-text-align-center\">Bosstadsservice<\/h1>\n\n\n<div class=\"wp-block-image\">\n<figure class=\"aligncenter size-full\"><img decoding=\"async\" width=\"500\" height=\"88\" src=\"https:\/\/villasipriina.fi\/wp-content\/uploads\/2025\/04\/line2.png\" alt=\"\" class=\"wp-image-4203\" srcset=\"https:\/\/villasipriina.fi\/wp-content\/uploads\/2025\/04\/line2.png 500w, https:\/\/villasipriina.fi\/wp-content\/uploads\/2025\/04\/line2-300x53.png 300w\" sizes=\"(max-width: 500px) 100vw, 500px\" \/><\/figure>\n<\/div>\n\n\n<h2 class=\"wp-block-heading has-text-align-center\">P\u00e5 Villa Sipriina och p\u00e5 Villa Pipariina erbjuder vi grupphemsplatser f\u00f6r l\u00e5ngvarigt boende f\u00f6r vuxna personer med utvecklingsst\u00f6rning i Kantvik samt dagverksamhet i Kyrksl\u00e4tt.<\/h2>\n<\/div>\n<\/div>\n\n\n<div class=\"image-and-text wp-block has-media-on-the-right\">\r\n<div class=\"row\">\r\n    <div class=\"col-12 col-md-6 image-col\">\r\n\r\n        <img decoding=\"async\" width=\"800\" height=\"600\" src=\"https:\/\/villasipriina.fi\/wp-content\/uploads\/2025\/04\/maxin-huone-1024x768.webp\" class=\"attachment-large size-large\" alt=\"Asumispalvelut.\" srcset=\"https:\/\/villasipriina.fi\/wp-content\/uploads\/2025\/04\/maxin-huone-1024x768.webp 1024w, https:\/\/villasipriina.fi\/wp-content\/uploads\/2025\/04\/maxin-huone-300x225.webp 300w, https:\/\/villasipriina.fi\/wp-content\/uploads\/2025\/04\/maxin-huone-768x576.webp 768w, https:\/\/villasipriina.fi\/wp-content\/uploads\/2025\/04\/maxin-huone-1536x1152.webp 1536w, https:\/\/villasipriina.fi\/wp-content\/uploads\/2025\/04\/maxin-huone.webp 1600w\" sizes=\"(max-width: 800px) 100vw, 800px\" \/>    <\/div>\r\n\r\n    <div class=\"col-12 col-md-6 text-col\"><div class=\"acf-innerblocks-container\">\n\n<h2 class=\"wp-block-heading\">Gruppboende \/ Grupphemsplats<\/h2>\n\n\n\n<p>Vi erbjuder v\u00e5ra boende ett eget hem: v\u00e5ra grupphem utg\u00f6r en lugn och trivsam milj\u00f6 som \u00e4r planerad f\u00f6r v\u00e5ra boende och byggd av inhemskt, andningsaktivt timmer.<\/p>\n\n\n\n<p>Villa Sipriina byggdes 2020 och Villa Pipariina 2025. B\u00e5da grupphemmen ligger p\u00e5 en natursk\u00f6n plats d\u00e4r vi har en egen g\u00e5rd och tr\u00e4dg\u00e5rd eller odlingsl\u00e5dor. Den n\u00e4rliggande naturen, aktiviteter anpassade efter de boendes intressen och m\u00e5ngsidiga fritidsm\u00f6jligheter s\u00e4kerst\u00e4ller att v\u00e5ra boendes vardag \u00e4r god och stimulerande i en hemlik milj\u00f6.<\/p>\n\n\n\n<p>Hos oss f\u00e5r varje boende helhetsinriktad omsorg i en trygg och bekant milj\u00f6. V\u00e5ra v\u00e4rderingar inkluderar respekt f\u00f6r de boendes sj\u00e4lvbest\u00e4mmande och individualitet.<\/p>\n\n\n\n<p>Ut\u00f6ver grundl\u00e4ggande v\u00e5rd, omsorg och handledning tr\u00e4nar v\u00e5ra boende tillsammans med handledarna p\u00e5:<\/p>\n\n\n\n<ul class=\"wp-block-list\">\n<li>Dagliga f\u00e4rdigheter i hemmet och \u00e4rendehantering<\/li>\n\n\n\n<li>Gemensamma m\u00e5ltider, tillagade med handledarens st\u00f6d i v\u00e5rt eget k\u00f6k<\/li>\n\n\n\n<li>St\u00e4dning av egna rum med handledning och hj\u00e4lp<\/li>\n\n\n\n<li>\u00d6vning av sj\u00e4lvst\u00e4ndig kl\u00e4dv\u00e5rd<\/li>\n\n\n\n<li>Grundl\u00e4ggande hygienrutiner<\/li>\n\n\n\n<li>Dagverksamheten ordnas i Kyrksl\u00e4tts centrum.<\/li>\n<\/ul>\n\n<\/div>\r\n<\/div>\r\n<\/div>\r\n<\/div>\n\n<div class=\"image-and-text wp-block has-media-on-the-right\">\r\n<div class=\"row\">\r\n    <div class=\"col-12 col-md-6 image-col\">\r\n\r\n        <img decoding=\"async\" width=\"768\" height=\"1024\" src=\"https:\/\/villasipriina.fi\/wp-content\/uploads\/2025\/04\/keittio-kukka-768x1024.webp\" class=\"attachment-large size-large\" alt=\"Asumispalvelut.\" srcset=\"https:\/\/villasipriina.fi\/wp-content\/uploads\/2025\/04\/keittio-kukka-768x1024.webp 768w, https:\/\/villasipriina.fi\/wp-content\/uploads\/2025\/04\/keittio-kukka-225x300.webp 225w, https:\/\/villasipriina.fi\/wp-content\/uploads\/2025\/04\/keittio-kukka-1152x1536.webp 1152w, https:\/\/villasipriina.fi\/wp-content\/uploads\/2025\/04\/keittio-kukka.webp 1200w\" sizes=\"(max-width: 768px) 100vw, 768px\" \/>    <\/div>\r\n\r\n    <div class=\"col-12 col-md-6 text-col\"><div class=\"acf-innerblocks-container\">\n\n<h2 class=\"wp-block-heading\"><strong>Grupphemmens lokaler \/ Bostadsservice<\/strong><\/h2>\n\n\n\n<p>Rummen, inomhusutrymmen och den gemensamma g\u00e5rden planerades tillsammans med de boende. De boende inreder sina rum med egna m\u00f6bler och bekanta f\u00f6rem\u00e5l. De trivsamma och mysiga gemensamma utrymmena skapar en hemtrevlig atmosf\u00e4r d\u00e4r b\u00e5de boende och personal trivs.<\/p>\n\n\n\n<p>V\u00e5ra b\u00e5da fastigheter \u00e4r utformad f\u00f6r att m\u00f6ta de boendes och grupphemmens behov, med fokus p\u00e5 tillg\u00e4nglighet samt nutida kvalitetskrav och s\u00e4kerhets- och hygienf\u00f6reskrifter.<\/p>\n\n<\/div>\r\n<\/div>\r\n<\/div>\r\n<\/div>\n\n<div class=\"image-and-text wp-block has-media-on-the-right\">\r\n<div class=\"row\">\r\n    <div class=\"col-12 col-md-6 image-col\">\r\n\r\n        <img decoding=\"async\" width=\"800\" height=\"600\" src=\"https:\/\/villasipriina.fi\/wp-content\/uploads\/2025\/04\/img-20220120-wa0020-1024x768.webp\" class=\"attachment-large size-large\" alt=\"Hirsitalon rakennus: Villa Sipriina.\" srcset=\"https:\/\/villasipriina.fi\/wp-content\/uploads\/2025\/04\/img-20220120-wa0020-1024x768.webp 1024w, https:\/\/villasipriina.fi\/wp-content\/uploads\/2025\/04\/img-20220120-wa0020-300x225.webp 300w, https:\/\/villasipriina.fi\/wp-content\/uploads\/2025\/04\/img-20220120-wa0020-768x576.webp 768w, https:\/\/villasipriina.fi\/wp-content\/uploads\/2025\/04\/img-20220120-wa0020-1536x1152.webp 1536w, https:\/\/villasipriina.fi\/wp-content\/uploads\/2025\/04\/img-20220120-wa0020.webp 1600w\" sizes=\"(max-width: 800px) 100vw, 800px\" \/>    <\/div>\r\n\r\n    <div class=\"col-12 col-md-6 text-col\"><div class=\"acf-innerblocks-container\">\n\n<h2 class=\"wp-block-heading\">Bra inomhusluft och hemmets v\u00e4rme: v\u00e5ra timmerhus<\/h2>\n\n\n\n<p>Vi valde ekologiska, massiva timmerhus till v\u00e5ra grupphem p\u00e5 grund av den goda inomhusluften. Det l\u00e5gemissions- och naturliga timret andas och anpassar sig efter luftfuktigheten, vilket h\u00e5ller temperaturen behaglig \u00e5ret runt. Anv\u00e4ndningen av inhemskt tr\u00e4 och husets ljusa karakt\u00e4r skapar en lugnande och varm atmosf\u00e4r d\u00e4r alla trivs.<\/p>\n\n<\/div>\r\n<\/div>\r\n<\/div>\r\n<\/div>\n\n<div class=\"image-and-text wp-block has-media-on-the-right\">\r\n<div class=\"row\">\r\n    <div class=\"col-12 col-md-6 image-col\">\r\n\r\n        <img decoding=\"async\" width=\"800\" height=\"600\" src=\"https:\/\/villasipriina.fi\/wp-content\/uploads\/2025\/04\/villa-sipriina-asukkaat14-1024x768.webp\" class=\"attachment-large size-large\" alt=\"Asumispalvelut.\" srcset=\"https:\/\/villasipriina.fi\/wp-content\/uploads\/2025\/04\/villa-sipriina-asukkaat14-1024x768.webp 1024w, https:\/\/villasipriina.fi\/wp-content\/uploads\/2025\/04\/villa-sipriina-asukkaat14-300x225.webp 300w, https:\/\/villasipriina.fi\/wp-content\/uploads\/2025\/04\/villa-sipriina-asukkaat14-768x576.webp 768w, https:\/\/villasipriina.fi\/wp-content\/uploads\/2025\/04\/villa-sipriina-asukkaat14-1536x1152.webp 1536w, https:\/\/villasipriina.fi\/wp-content\/uploads\/2025\/04\/villa-sipriina-asukkaat14-2048x1536.webp 2048w\" sizes=\"(max-width: 800px) 100vw, 800px\" \/>    <\/div>\r\n\r\n    <div class=\"col-12 col-md-6 text-col\"><div class=\"acf-innerblocks-container\">\n\n<h2 class=\"wp-block-heading\">Verksamheten i v\u00e5ra grupphem<\/h2>\n\n\n\n<p>I verksamheten beaktar vi \u00e5rstidernas v\u00e4xlingar och \u00e5rets h\u00e4ndelser. Vi r\u00f6r oss mycket i n\u00e4romr\u00e5det, g\u00f6r dagsutflykter och reser inom landet och utomlands. Hos oss deltar de boende aktivt i beslutsfattandet och p\u00e5verkar sina egna liv, eftersom verksamheten styrs av deras \u00f6nskem\u00e5l och intressen.<\/p>\n\n\n\n<p>Vi har tillsammans genomf\u00f6rt exempelvis:<\/p>\n\n\n\n<ul class=\"wp-block-list\">\n<li>Hobbyer och handledning enligt boendes \u00f6nskem\u00e5l och m\u00f6jligheter<\/li>\n\n\n\n<li>Gemensamma shoppingturer<\/li>\n\n\n\n<li>Biobes\u00f6k, teaterbes\u00f6k, spabes\u00f6k etc.<\/li>\n\n\n\n<li>Kryssningar och utlandsresor<\/li>\n\n\n\n<li>Sn\u00f6skottning, krattning, sk\u00f6tsel av v\u00e4xthus etc.<\/li>\n\n\n\n<li>Motion, bakning, pyssel<\/li>\n<\/ul>\n\n\n\n<p>Dagverksamhet f\u00f6r v\u00e5ra boende ordnas p\u00e5 vardagar i k\u00f6pcentret Liikeporttis lokaler i Kyrksl\u00e4tts centrum.<\/p>\n\n\n\n<div class=\"wp-block-buttons is-layout-flex wp-block-buttons-is-layout-flex\">\n<div class=\"wp-block-button\"><a class=\"wp-block-button__link wp-element-button\" href=\"https:\/\/villasipriina.fi\/sv\/dagverksamhet\/\">Dagverksamhet<\/a><\/div>\n<\/div>\n\n<\/div>\r\n<\/div>\r\n<\/div>\r\n<\/div>\n\n<div class=\"image-and-text wp-block has-media-on-the-right\">\r\n<div class=\"row\">\r\n    <div class=\"col-12 col-md-6 image-col\">\r\n\r\n        <img decoding=\"async\" width=\"768\" height=\"1024\" src=\"https:\/\/villasipriina.fi\/wp-content\/uploads\/2025\/04\/villa-sipriina-asukkaat4-768x1024.jpg\" class=\"attachment-large size-large\" alt=\"Galleria Villa Sipriina.\" srcset=\"https:\/\/villasipriina.fi\/wp-content\/uploads\/2025\/04\/villa-sipriina-asukkaat4-768x1024.jpg 768w, https:\/\/villasipriina.fi\/wp-content\/uploads\/2025\/04\/villa-sipriina-asukkaat4-225x300.jpg 225w, https:\/\/villasipriina.fi\/wp-content\/uploads\/2025\/04\/villa-sipriina-asukkaat4-1152x1536.jpg 1152w, https:\/\/villasipriina.fi\/wp-content\/uploads\/2025\/04\/villa-sipriina-asukkaat4.jpg 1200w\" sizes=\"(max-width: 768px) 100vw, 768px\" \/>    <\/div>\r\n\r\n    <div class=\"col-12 col-md-6 text-col\"><div class=\"acf-innerblocks-container\">\n\n<h2 class=\"wp-block-heading\">Evenemanger<\/h2>\n\n\n\n<p>Vi arrangerar ocks\u00e5 discon n\u00e5gra g\u00e5nger per \u00e5r tillsammans med v\u00e5ra boende. Ett popul\u00e4rt evenemang \u00e4r bland annat Halloween-discot vid m\u00e5nadsskiftet oktober-november. Alla unga och vuxna med utvecklingsst\u00f6rning fr\u00e5n n\u00e4romr\u00e5det \u00e4r v\u00e4lkomna \u2013 f\u00f6lj v\u00e5r annonsering f\u00f6r n\u00e4sta disco!<\/p>\n\n\n\n<p>Bilder fr\u00e5n v\u00e5ra evenemang och verksamheter hittar du h\u00e4r:<\/p>\n\n\n\n<div class=\"wp-block-buttons is-layout-flex wp-block-buttons-is-layout-flex\">\n<div class=\"wp-block-button\"><a class=\"wp-block-button__link wp-element-button\" href=\"https:\/\/villasipriina.fi\/sv\/galleri\/\">Galleri<\/a><\/div>\n<\/div>\n\n<\/div>\r\n<\/div>\r\n<\/div>\r\n<\/div>","protected":false},"excerpt":{"rendered":"<p>Bosstadsservice P\u00e5 Villa Sipriina och p\u00e5 Villa Pipariina erbjuder vi grupphemsplatser f\u00f6r l\u00e5ngvarigt boende f\u00f6r vuxna personer med utvecklingsst\u00f6rning i Kantvik samt dagverksamhet i Kyrksl\u00e4tt.<\/p>\n","protected":false},"author":1,"featured_media":0,"parent":0,"menu_order":0,"comment_status":"closed","ping_status":"closed","template":"","meta":{"_acf_changed":false,"footnotes":""},"class_list":["post-4553","page","type-page","status-publish","hentry"],"acf":[],"aioseo_notices":[],"_links":{"self":[{"href":"https:\/\/villasipriina.fi\/sv\/wp-json\/wp\/v2\/pages\/4553","targetHints":{"allow":["GET"]}}],"collection":[{"href":"https:\/\/villasipriina.fi\/sv\/wp-json\/wp\/v2\/pages"}],"about":[{"href":"https:\/\/villasipriina.fi\/sv\/wp-json\/wp\/v2\/types\/page"}],"author":[{"embeddable":true,"href":"https:\/\/villasipriina.fi\/sv\/wp-json\/wp\/v2\/users\/1"}],"replies":[{"embeddable":true,"href":"https:\/\/villasipriina.fi\/sv\/wp-json\/wp\/v2\/comments?post=4553"}],"version-history":[{"count":0,"href":"https:\/\/villasipriina.fi\/sv\/wp-json\/wp\/v2\/pages\/4553\/revisions"}],"wp:attachment":[{"href":"https:\/\/villasipriina.fi\/sv\/wp-json\/wp\/v2\/media?parent=4553"}],"curies":[{"name":"wp","href":"https:\/\/api.w.org\/{rel}","templated":true}]}}