{"id":4555,"date":"2025-04-24T12:47:51","date_gmt":"2025-04-24T09:47:51","guid":{"rendered":"https:\/\/villasipriina.fi\/dagverksamhet\/"},"modified":"2025-11-05T09:40:11","modified_gmt":"2025-11-05T07:40:11","slug":"dagverksamhet","status":"publish","type":"page","link":"https:\/\/villasipriina.fi\/sv\/dagverksamhet\/","title":{"rendered":"Dagverksamhet"},"content":{"rendered":"\r\n\r\n<section class=\"hero site-banner banner-bg-image section-image-only  alignfull image\">\r\n\r\n    <div class=\"site-banner-bg section-bg-image \" >\r\n\r\n        <img decoding=\"async\" width=\"1600\" height=\"1200\" src=\"https:\/\/villasipriina.fi\/wp-content\/uploads\/2025\/04\/sytykkeet.webp\" class=\"attachment-1536\u00d71536 size-1536\u00d71536\" alt=\"P\u00e4iv\u00e4toiminta.\" srcset=\"https:\/\/villasipriina.fi\/wp-content\/uploads\/2025\/04\/sytykkeet.webp 1600w, https:\/\/villasipriina.fi\/wp-content\/uploads\/2025\/04\/sytykkeet-300x225.webp 300w, https:\/\/villasipriina.fi\/wp-content\/uploads\/2025\/04\/sytykkeet-1024x768.webp 1024w, https:\/\/villasipriina.fi\/wp-content\/uploads\/2025\/04\/sytykkeet-768x576.webp 768w, https:\/\/villasipriina.fi\/wp-content\/uploads\/2025\/04\/sytykkeet-1536x1152.webp 1536w\" sizes=\"(max-width: 1600px) 100vw, 1600px\" \/>\r\n        \r\n        <\/section>\n\n\n<div class=\"wp-block-columns is-style-default has-white-background-color has-background is-layout-flex wp-container-core-columns-is-layout-9d6595d7 wp-block-columns-is-layout-flex\">\n<div class=\"wp-block-column is-layout-flow wp-block-column-is-layout-flow\">\n<h1 class=\"wp-block-heading has-text-align-center\">Dagverksamhet<\/h1>\n\n\n\n<p class=\"has-text-align-center\"><strong>Kontaktuppgifter f\u00f6r dagverksamheten<\/strong><\/p>\n\n\n\n<p class=\"has-text-align-center\">Liikeportti<br>Luostarinportti 2<br>Tel. 050 911 8022<\/p>\n\n\n<div class=\"wp-block-image\">\n<figure class=\"aligncenter size-full\"><img decoding=\"async\" width=\"500\" height=\"88\" src=\"https:\/\/villasipriina.fi\/wp-content\/uploads\/2025\/04\/line2.png\" alt=\"\" class=\"wp-image-4203\" srcset=\"https:\/\/villasipriina.fi\/wp-content\/uploads\/2025\/04\/line2.png 500w, https:\/\/villasipriina.fi\/wp-content\/uploads\/2025\/04\/line2-300x53.png 300w\" sizes=\"(max-width: 500px) 100vw, 500px\" \/><\/figure>\n<\/div>\n\n\n<h2 class=\"wp-block-heading has-text-align-center\">V\u00e5ra dagverksamhetslokaler ligger i k\u00f6pcentret Liikeportti i Kyrksl\u00e4tts centrum.<\/h2>\n\n\n\n<p class=\"has-text-align-center\">V\u00e5r dagverksamhet \u00e4r avsedd f\u00f6r v\u00e5ra boende p\u00e5 grupphemmen.<\/p>\n<\/div>\n<\/div>\n\n\n<div class=\"image-and-text wp-block has-media-on-the-right\">\r\n<div class=\"row\">\r\n    <div class=\"col-12 col-md-6 image-col\">\r\n\r\n        <img decoding=\"async\" width=\"768\" height=\"1024\" src=\"https:\/\/villasipriina.fi\/wp-content\/uploads\/2025\/04\/sytykkeiden-tekoa1-768x1024.webp\" class=\"attachment-large size-large\" alt=\"P\u00e4iv\u00e4toiminta.\" srcset=\"https:\/\/villasipriina.fi\/wp-content\/uploads\/2025\/04\/sytykkeiden-tekoa1-768x1024.webp 768w, https:\/\/villasipriina.fi\/wp-content\/uploads\/2025\/04\/sytykkeiden-tekoa1-225x300.webp 225w, https:\/\/villasipriina.fi\/wp-content\/uploads\/2025\/04\/sytykkeiden-tekoa1-1152x1536.webp 1152w, https:\/\/villasipriina.fi\/wp-content\/uploads\/2025\/04\/sytykkeiden-tekoa1.webp 1200w\" sizes=\"(max-width: 768px) 100vw, 768px\" \/>    <\/div>\r\n\r\n    <div class=\"col-12 col-md-6 text-col\"><div class=\"acf-innerblocks-container\">\n\n<p>P\u00e5 vardagar \u00e4gnar vi oss bland annat \u00e5t hantverk, diskuterar aktuella \u00e4mnen, musicerar och spelar spel i v\u00e5ra lokaler. \u00c5rstiderna och \u00e5rets olika h\u00e4ndelser ger rytm \u00e5t v\u00e5r verksamhet och v\u00e5ra aktiviteter, vilket g\u00f6r att det alltid finns varierande och intressanta sysslor f\u00f6r alla v\u00e5ra boende. Till dagverksamheten tar vi oss antingen till fots eller med bil.<\/p>\n\n\n\n<p>Lokalerna har ett centralt l\u00e4ge som m\u00f6jligg\u00f6r anv\u00e4ndning av centrumets tj\u00e4nster samt idrotts- och kulturutbudet i Kyrksl\u00e4tt som en del av v\u00e5ra boendes dagverksamhet.<\/p>\n\n\n\n<p>Planeringen och genomf\u00f6randet av dagverksamheten sker med utg\u00e5ngspunkt i v\u00e5ra boendes \u00f6nskem\u00e5l och intressen, som en del av en helhetsinriktad och hemlik omsorg. Genom individuell handledning i en trygg och bekant milj\u00f6 uppr\u00e4tth\u00e5ller vi varje boendes sj\u00e4lvst\u00e4ndighet och aktivitet dagligen. Vi fokuserar p\u00e5 v\u00e5ra boendes goda liv och utvecklar kontinuerligt v\u00e5r omsorgsverksamhet utifr\u00e5n detta.<\/p>\n\n\n\n<p>Bilder fr\u00e5n v\u00e5ra evenemang och verksamheter hittar du h\u00e4r:<\/p>\n\n\n\n<div class=\"wp-block-buttons is-layout-flex wp-block-buttons-is-layout-flex\">\n<div class=\"wp-block-button\"><a class=\"wp-block-button__link wp-element-button\" href=\"https:\/\/villasipriina.fi\/sv\/galleri\/\">Galleri<\/a><\/div>\n<\/div>\n\n<\/div>\r\n<\/div>\r\n<\/div>\r\n<\/div>\n\n\n<figure class=\"wp-block-gallery has-nested-images columns-default is-cropped wp-block-gallery-1 is-layout-flex wp-block-gallery-is-layout-flex\">\n<figure class=\"wp-block-image size-large\"><img decoding=\"async\" width=\"712\" height=\"1024\" data-id=\"4235\" src=\"https:\/\/villasipriina.fi\/wp-content\/uploads\/2025\/04\/mika-nurmikonleikkaus-712x1024.webp\" alt=\"\" class=\"wp-image-4235\" srcset=\"https:\/\/villasipriina.fi\/wp-content\/uploads\/2025\/04\/mika-nurmikonleikkaus-712x1024.webp 712w, https:\/\/villasipriina.fi\/wp-content\/uploads\/2025\/04\/mika-nurmikonleikkaus-209x300.webp 209w, https:\/\/villasipriina.fi\/wp-content\/uploads\/2025\/04\/mika-nurmikonleikkaus-768x1104.webp 768w, https:\/\/villasipriina.fi\/wp-content\/uploads\/2025\/04\/mika-nurmikonleikkaus.webp 912w\" sizes=\"(max-width: 712px) 100vw, 712px\" \/><\/figure>\n\n\n\n<figure class=\"wp-block-image size-large\"><img decoding=\"async\" width=\"461\" height=\"1024\" data-id=\"4234\" src=\"https:\/\/villasipriina.fi\/wp-content\/uploads\/2025\/04\/sytyke-nuotiolla-461x1024.webp\" alt=\"\" class=\"wp-image-4234\" srcset=\"https:\/\/villasipriina.fi\/wp-content\/uploads\/2025\/04\/sytyke-nuotiolla-461x1024.webp 461w, https:\/\/villasipriina.fi\/wp-content\/uploads\/2025\/04\/sytyke-nuotiolla-135x300.webp 135w, https:\/\/villasipriina.fi\/wp-content\/uploads\/2025\/04\/sytyke-nuotiolla-691x1536.webp 691w, https:\/\/villasipriina.fi\/wp-content\/uploads\/2025\/04\/sytyke-nuotiolla.webp 720w\" sizes=\"(max-width: 461px) 100vw, 461px\" \/><\/figure>\n\n\n\n<figure class=\"wp-block-image size-large\"><img decoding=\"async\" width=\"752\" height=\"1024\" data-id=\"4233\" src=\"https:\/\/villasipriina.fi\/wp-content\/uploads\/2025\/04\/ritva-ja-miki-kavelee-752x1024.webp\" alt=\"\" class=\"wp-image-4233\" srcset=\"https:\/\/villasipriina.fi\/wp-content\/uploads\/2025\/04\/ritva-ja-miki-kavelee-752x1024.webp 752w, https:\/\/villasipriina.fi\/wp-content\/uploads\/2025\/04\/ritva-ja-miki-kavelee-220x300.webp 220w, https:\/\/villasipriina.fi\/wp-content\/uploads\/2025\/04\/ritva-ja-miki-kavelee-768x1046.webp 768w, https:\/\/villasipriina.fi\/wp-content\/uploads\/2025\/04\/ritva-ja-miki-kavelee.webp 912w\" sizes=\"(max-width: 752px) 100vw, 752px\" \/><\/figure>\n<\/figure>\n","protected":false},"excerpt":{"rendered":"<p>Dagverksamhet Kontaktuppgifter f\u00f6r dagverksamheten LiikeporttiLuostarinportti 2Tel. 050 911 8022 V\u00e5ra dagverksamhetslokaler ligger i k\u00f6pcentret Liikeportti i Kyrksl\u00e4tts centrum. V\u00e5r dagverksamhet \u00e4r avsedd f\u00f6r v\u00e5ra boende p\u00e5 grupphemmen.<\/p>\n","protected":false},"author":1,"featured_media":0,"parent":0,"menu_order":0,"comment_status":"closed","ping_status":"closed","template":"","meta":{"_acf_changed":false,"footnotes":""},"class_list":["post-4555","page","type-page","status-publish","hentry"],"acf":[],"aioseo_notices":[],"_links":{"self":[{"href":"https:\/\/villasipriina.fi\/sv\/wp-json\/wp\/v2\/pages\/4555","targetHints":{"allow":["GET"]}}],"collection":[{"href":"https:\/\/villasipriina.fi\/sv\/wp-json\/wp\/v2\/pages"}],"about":[{"href":"https:\/\/villasipriina.fi\/sv\/wp-json\/wp\/v2\/types\/page"}],"author":[{"embeddable":true,"href":"https:\/\/villasipriina.fi\/sv\/wp-json\/wp\/v2\/users\/1"}],"replies":[{"embeddable":true,"href":"https:\/\/villasipriina.fi\/sv\/wp-json\/wp\/v2\/comments?post=4555"}],"version-history":[{"count":0,"href":"https:\/\/villasipriina.fi\/sv\/wp-json\/wp\/v2\/pages\/4555\/revisions"}],"wp:attachment":[{"href":"https:\/\/villasipriina.fi\/sv\/wp-json\/wp\/v2\/media?parent=4555"}],"curies":[{"name":"wp","href":"https:\/\/api.w.org\/{rel}","templated":true}]}}